{"id":63,"date":"2026-06-12T16:41:32","date_gmt":"2026-06-12T14:41:32","guid":{"rendered":"https:\/\/csnl.gowa.fr\/?page_id=63"},"modified":"2026-06-12T18:06:24","modified_gmt":"2026-06-12T16:06:24","slug":"bouche-cousue","status":"publish","type":"page","link":"https:\/\/csnl.gowa.fr\/?page_id=63","title":{"rendered":"Bouche-Cousue"},"content":{"rendered":"\n<figure class=\"wp-block-gallery has-nested-images columns-default is-cropped wp-block-gallery-1 is-layout-flex wp-block-gallery-is-layout-flex\">\n<figure class=\"wp-block-image aligncenter size-large\"><img loading=\"lazy\" decoding=\"async\" width=\"1024\" height=\"678\" data-id=\"105\" src=\"https:\/\/csnl.gowa.fr\/wp-content\/uploads\/2026\/06\/IMG_1953-1024x678.jpg\" alt=\"\" class=\"wp-image-105\" style=\"aspect-ratio:3\/2\" srcset=\"https:\/\/csnl.gowa.fr\/wp-content\/uploads\/2026\/06\/IMG_1953-1024x678.jpg 1024w, https:\/\/csnl.gowa.fr\/wp-content\/uploads\/2026\/06\/IMG_1953-300x199.jpg 300w, https:\/\/csnl.gowa.fr\/wp-content\/uploads\/2026\/06\/IMG_1953-768x509.jpg 768w, https:\/\/csnl.gowa.fr\/wp-content\/uploads\/2026\/06\/IMG_1953-1536x1017.jpg 1536w, https:\/\/csnl.gowa.fr\/wp-content\/uploads\/2026\/06\/IMG_1953-2048x1356.jpg 2048w\" sizes=\"auto, (max-width: 1024px) 100vw, 1024px\" \/><\/figure>\n<\/figure>\n\n\n\n<h6 class=\"wp-block-heading\">R\u00e9sum\u00e9<\/h6>\n\n\n\n<p class=\"wp-block-paragraph\">Au coll\u00e8ge, Bouche-Cousue se fait cracher et insulter par toutes les Bouches. Pour fuir la violence,&nbsp;&nbsp;sa r\u00e9alit\u00e9 devient virtuelle : les jeux-vid\u00e9os le prot\u00e8gent du harc\u00e8lement. Un jour, il d\u00e9couvre m\u00eame un chanteur qui n\u2019a pas la m\u00eame Bouche que les autres : Mauvais Gar\u00e7on.<\/p>\n\n\n\n<p class=\"wp-block-paragraph\">Il finit par entrer en Seconde. Les Bouches changent de forme. Et m\u00eame qu\u2019il rencontre Jess, sa nouvelle meilleure amie&#8230;<\/p>\n\n\n\n<p class=\"wp-block-paragraph\">Traversant la p\u00e9riode du Coll\u00e8ge et du Lyc\u00e9e, cette forme&nbsp;<em>in situ&nbsp;<\/em>est une plong\u00e9e dans l\u2019adolescence, o\u00f9 harc\u00e8lement, r\u00e9sistance et d\u00e9sir se rencontrent. La repr\u00e9sentation est souvent suivi d\u2019une discussion autour des th\u00e9matiques du spectacle.<\/p>\n\n\n\n<details class=\"wp-block-details has-grandola-font-family is-layout-flow wp-block-details-is-layout-flow\"><summary>Distribution<\/summary>\n<ul class=\"wp-block-list\">\n<li class=\"has-bbb-dm-sans-font-family\">AUTEUR \/ METTEUR EN SCENE \/ Thibaut Galis<\/li>\n\n\n\n<li class=\"has-bbb-dm-sans-font-family\">ASSISTANTE \u00c0 LA MISE EN SCENE \/ Alice J\u00e4ger et Cl\u00e9mence Bressolier<\/li>\n\n\n\n<li class=\"has-bbb-dm-sans-font-family\">COM\u00c9DIEN \/ Vincent Bell\u00e9e<\/li>\n\n\n\n<li class=\"has-bbb-dm-sans-font-family\">ACCESSOIRISTE \/ Alice J\u00e4ger<\/li>\n\n\n\n<li class=\"has-bbb-dm-sans-font-family\">DRAMATURGE \/ Lucie Fanzini<\/li>\n\n\n\n<li class=\"has-bbb-dm-sans-font-family\">CHARG\u00c9E DE PRODUCTION \/ Iris&nbsp;ORIOL<\/li>\n<\/ul>\n<\/details>\n\n\n\n<details class=\"wp-block-details has-grandola-font-family is-layout-flow wp-block-details-is-layout-flow\"><summary>PRODUCTION<\/summary>\n<ul class=\"wp-block-list\">\n<li class=\"has-bbb-dm-sans-font-family\">PRODUCTION \/ Compagnie Sur Nos L\u00e8vres<\/li>\n\n\n\n<li class=\"has-bbb-dm-sans-font-family\">BOURSE DE CR\u00c9ATION \/ DRAC Normandie, le d\u00e9partement de la Manche<\/li>\n\n\n\n<li class=\"has-bbb-dm-sans-font-family\">ACCUEIL EN R\u00c9SIDENCE D\u2019\u00c9CRITURE \/ Les Fours \u00e0 Chaux<\/li>\n\n\n\n<li class=\"has-bbb-dm-sans-font-family\">ACCUEIL EN R\u00c9SIDENCE DE CR\u00c9ATION\/ Lyc\u00e9e Malherbe, les Ateliers Interm\u00e9diaires, Coll\u00e8ge F\u00e9lix Buhot<\/li>\n\n\n\n<li class=\"has-bbb-dm-sans-font-family\"><em>Avec le soutien de la DRAC Normandie (Bourse Jumelage-R\u00e9sidence d\u2019artiste) et de la DILCRAH Nationale et Locale pour les ateliers de m\u00e9diation.<\/em><\/li>\n<\/ul>\n<\/details>\n\n\n\n<details class=\"wp-block-details has-grandola-font-family is-layout-flow wp-block-details-is-layout-flow\"><summary>DIFFUSION<\/summary>\n<ul class=\"wp-block-list\">\n<li class=\"has-bbb-dm-sans-font-family\"><strong>juin 2025 :<\/strong> cr\u00e9ation au coll\u00e8ge F\u00e9lix Buhot \u00e0 Valognes (50) et au coll\u00e8ge Marcel Guillard \u00e0 Bricquebec (50)<\/li>\n\n\n\n<li class=\"has-bbb-dm-sans-font-family\"><strong>10 mars 2026<\/strong> : deux repr\u00e9sentations au lyc\u00e9e Jean Paul II \u00e0 Coutances (50)<\/li>\n\n\n\n<li class=\"has-bbb-dm-sans-font-family\"><strong>8 et 9 avril 2026<\/strong> : deux repr\u00e9sentations au coll\u00e8ge F\u00e9lix Buhot \u00e0 Valognes (50)<\/li>\n<\/ul>\n\n\n\n<p class=\"wp-block-paragraph\">A venir<\/p>\n\n\n\n<ul class=\"wp-block-list\">\n<li class=\"has-bbb-dm-sans-font-family\"><strong>19 Janvier 2026<\/strong> : repr\u00e9sentation scolaire \u00e0 L&rsquo;\u00e9toile du nord (75)<\/li>\n<\/ul>\n\n\n\n<p class=\"wp-block-paragraph\">deuxi\u00e8me mise en sc\u00e8ne<\/p>\n\n\n\n<p class=\"has-bbb-dm-sans-font-family wp-block-paragraph\">Les <strong>28 mai, 2<\/strong>, <strong>5, 10 et 13 juin<\/strong>, Bouche-Cousue a \u00e9t\u00e9 mis en sc\u00e8ne au th\u00e9\u00e2tre national de la Colline par Fr\u00e9d\u00e9ric Fisbach, interpr\u00e9t\u00e9 par Lola Sorel dans le cadre du <a href=\"https:\/\/www.colline.fr\/spectacles\/aux-singuliers-0\" data-type=\"link\" data-id=\"https:\/\/www.colline.fr\/spectacles\/aux-singuliers-0\">festival Aux Singuliers<\/a>. <\/p>\n<\/details>\n\n\n\n<p class=\"wp-block-paragraph\"><\/p>\n\n\n\n<p class=\"wp-block-paragraph\"><\/p>\n\n\n\n<div data-wp-interactive=\"core\/file\" class=\"wp-block-file\"><object data-wp-bind--hidden=\"!state.hasPdfPreview\" hidden class=\"wp-block-file__embed\" data=\"https:\/\/csnl.gowa.fr\/wp-content\/uploads\/2026\/06\/Compagnie-Sur-Nos-Levres_BOUCHECOUSUE_compressed.pdf\" type=\"application\/pdf\" style=\"width:100%;height:600px\" aria-label=\"PDF embarqu\u00e9\"><\/object><a href=\"https:\/\/csnl.gowa.fr\/wp-content\/uploads\/2026\/06\/Compagnie-Sur-Nos-Levres_BOUCHECOUSUE_compressed.pdf\" class=\"wp-block-file__button wp-element-button\" download>DOSSIER DE PRODUCTION<\/a><\/div>\n","protected":false},"excerpt":{"rendered":"<p>R\u00e9sum\u00e9 Au coll\u00e8ge, Bouche-Cousue se fait cracher et insulter par toutes les Bouches. Pour fuir la violence,&nbsp;&nbsp;sa r\u00e9alit\u00e9 devient virtuelle : les jeux-vid\u00e9os le prot\u00e8gent du harc\u00e8lement. Un jour, il d\u00e9couvre m\u00eame un chanteur qui n\u2019a pas la m\u00eame Bouche que les autres : Mauvais Gar\u00e7on. Il finit par entrer en Seconde. Les Bouches changent [&hellip;]<\/p>\n","protected":false},"author":1,"featured_media":67,"parent":0,"menu_order":0,"comment_status":"closed","ping_status":"closed","template":"spectacle","meta":{"footnotes":""},"class_list":["post-63","page","type-page","status-publish","has-post-thumbnail","hentry"],"_links":{"self":[{"href":"https:\/\/csnl.gowa.fr\/index.php?rest_route=\/wp\/v2\/pages\/63","targetHints":{"allow":["GET"]}}],"collection":[{"href":"https:\/\/csnl.gowa.fr\/index.php?rest_route=\/wp\/v2\/pages"}],"about":[{"href":"https:\/\/csnl.gowa.fr\/index.php?rest_route=\/wp\/v2\/types\/page"}],"author":[{"embeddable":true,"href":"https:\/\/csnl.gowa.fr\/index.php?rest_route=\/wp\/v2\/users\/1"}],"replies":[{"embeddable":true,"href":"https:\/\/csnl.gowa.fr\/index.php?rest_route=%2Fwp%2Fv2%2Fcomments&post=63"}],"version-history":[{"count":8,"href":"https:\/\/csnl.gowa.fr\/index.php?rest_route=\/wp\/v2\/pages\/63\/revisions"}],"predecessor-version":[{"id":118,"href":"https:\/\/csnl.gowa.fr\/index.php?rest_route=\/wp\/v2\/pages\/63\/revisions\/118"}],"wp:featuredmedia":[{"embeddable":true,"href":"https:\/\/csnl.gowa.fr\/index.php?rest_route=\/wp\/v2\/media\/67"}],"wp:attachment":[{"href":"https:\/\/csnl.gowa.fr\/index.php?rest_route=%2Fwp%2Fv2%2Fmedia&parent=63"}],"curies":[{"name":"wp","href":"https:\/\/api.w.org\/{rel}","templated":true}]}}